{"id":30,"date":"2016-12-28T04:51:33","date_gmt":"2016-12-28T03:51:33","guid":{"rendered":"https:\/\/metrologiapolska.usz.edu.pl\/?page_id=30"},"modified":"2024-02-08T10:53:47","modified_gmt":"2024-02-08T09:53:47","slug":"home","status":"publish","type":"page","link":"https:\/\/metrologiapolska.usz.edu.pl\/","title":{"rendered":"START"},"content":{"rendered":"<!-- wp:themify-builder\/canvas \/-->\n\n<!--themify_builder_static--><h2>Ocena wp\u0142ywu metrologii na gospodark\u0119 w Polsce<\/h2> <p>\u00a0<\/p>\n<h3 style=\"text-align: left;\">Kierownik projektu:<\/h3> <p style=\"text-align: left;\">dr hab. M. Tarczy\u0144ska-\u0141uniewska, prof. US,<br>Instytut Ekonomii i Finans\u00f3w, Katedra Ekonometrii i Statystyki, <br><a href=\"mailto:malgorzata.tarczynska-luniewska@usz.edu.pl\">malgorzata.tarczynska-luniewska@usz.edu.pl<\/a><\/p> <p style=\"text-align: left;\">\u00a0<\/p>\n<h3><strong>Wykonawcy:<\/strong><\/h3> <p><strong>Uniwersytet Szczeci\u0144ski:<\/strong><\/p> <ul> <li>dr hab. M. Doszy\u0144, prof. US<\/li> <li>dr M. Rozkrut<\/li> <li>dr B. Bat\u00f3g<\/li> <\/ul> <p><strong>Zachodniopomorski Uniwersytet Technologiczny<\/strong><\/p> <ul> <li>prof. dr hab. in\u017c. M. Pajor<\/li> <li>dr hab. in\u017c. P. Majda, prof. ZUT<\/li> <\/ul> <p><strong>Zesp\u00f3\u0142 z GUS<\/strong><\/p> <p><a href=\"https:\/\/www.gov.pl\/web\/edukacja-i-nauka\/wyniki-konkursu-polska-metrologia\">https:\/\/www.gov.pl\/web\/edukacja-i-nauka\/wyniki-konkursu-polska-metrologia<\/a><\/p>\n<img loading=\"lazy\" decoding=\"async\" width=\"1920\" height=\"1280\" src=\"https:\/\/metrologiapolska.usz.edu.pl\/wp-content\/uploads\/2022\/11\/plans-g66fa0995a_1920.jpg\" title=\"plans-g66fa0995a_1920\" alt=\"plans-g66fa0995a_1920\" srcset=\"https:\/\/metrologiapolska.usz.edu.pl\/wp-content\/uploads\/2022\/11\/plans-g66fa0995a_1920.jpg 1920w, https:\/\/metrologiapolska.usz.edu.pl\/wp-content\/uploads\/2022\/11\/plans-g66fa0995a_1920-300x200.jpg 300w, https:\/\/metrologiapolska.usz.edu.pl\/wp-content\/uploads\/2022\/11\/plans-g66fa0995a_1920-1024x683.jpg 1024w, https:\/\/metrologiapolska.usz.edu.pl\/wp-content\/uploads\/2022\/11\/plans-g66fa0995a_1920-768x512.jpg 768w, https:\/\/metrologiapolska.usz.edu.pl\/wp-content\/uploads\/2022\/11\/plans-g66fa0995a_1920-1536x1024.jpg 1536w\" sizes=\"auto, (max-width: 1920px) 100vw, 1920px\" \/>\n<h3>Znaczenie oceny wp\u0142ywu metrologii<\/h3> <p>Korzy\u015bci gospodarcze metrologii s\u0105 efektem jej szerokiego spektrum mechanizm\u00f3w oddzia\u0142ywania i dotycz\u0105 takich obszar\u00f3w jak dyfuzja technologii, wzrost innowacyjno\u015bci, ograniczenie niedoskona\u0142o\u015bci rynku, redukcja koszt\u00f3w transakcyjnych, wzrost produktywno\u015bci, budowa przewagi konkurencyjnej, czy zwi\u0119kszenie efektywno\u015bci ekonomicznej. Nale\u017cy jednak podkre\u015bli\u0107, \u017ce znaczenie metrologii ma charakter wielowymiarowy, obejmuj\u0105c nie tylko bezpo\u015brednie korzy\u015bci ekonomiczne, w tym handlowe (handel mi\u0119dzynarodowy), ale tak\u017ce obszary wydawa\u0142oby si\u0119 nieco bardziej odleg\u0142e jak \u015brodowisko, zdrowie, obronno\u015b\u0107 czy bezpiecze\u0144stwo.<\/p>\n<h3>Dotychczasowe badania<\/h3> <p>Dotychczasowe badania realizowane w innych krajach wskazuj\u0105, \u017ce najbardziej produktywne sektory to te najintensywniej korzystaj\u0105ce z metrologii. Badania dowodz\u0105, \u017ce metrologia pe\u0142ni rol\u0119 swoistego katalizatora innowacji, buduje platform\u0119 innowacji, poprzez skr\u00f3cenie czasu wprowadzania na rynek nowych produkt\u00f3w, czy promowanie rozpowszechniania innowacji, staj\u0105c si\u0119 istotnym elementem narodowego systemu innowacji.<\/p>\n<img loading=\"lazy\" decoding=\"async\" width=\"1280\" height=\"847\" src=\"https:\/\/metrologiapolska.usz.edu.pl\/wp-content\/uploads\/2022\/11\/lab-g73712dcc4_1280.jpg\" title=\"lab-g73712dcc4_1280\" alt=\"lab-g73712dcc4_1280\" srcset=\"https:\/\/metrologiapolska.usz.edu.pl\/wp-content\/uploads\/2022\/11\/lab-g73712dcc4_1280.jpg 1280w, https:\/\/metrologiapolska.usz.edu.pl\/wp-content\/uploads\/2022\/11\/lab-g73712dcc4_1280-300x199.jpg 300w, https:\/\/metrologiapolska.usz.edu.pl\/wp-content\/uploads\/2022\/11\/lab-g73712dcc4_1280-1024x678.jpg 1024w, https:\/\/metrologiapolska.usz.edu.pl\/wp-content\/uploads\/2022\/11\/lab-g73712dcc4_1280-768x508.jpg 768w\" sizes=\"auto, (max-width: 1280px) 100vw, 1280px\" \/>\n<img loading=\"lazy\" decoding=\"async\" width=\"1920\" height=\"1280\" src=\"https:\/\/metrologiapolska.usz.edu.pl\/wp-content\/uploads\/2022\/11\/startup-g1fb41e2de_1920.jpg\" title=\"startup-g1fb41e2de_1920\" alt=\"startup-g1fb41e2de_1920\" srcset=\"https:\/\/metrologiapolska.usz.edu.pl\/wp-content\/uploads\/2022\/11\/startup-g1fb41e2de_1920.jpg 1920w, https:\/\/metrologiapolska.usz.edu.pl\/wp-content\/uploads\/2022\/11\/startup-g1fb41e2de_1920-300x200.jpg 300w, https:\/\/metrologiapolska.usz.edu.pl\/wp-content\/uploads\/2022\/11\/startup-g1fb41e2de_1920-1024x683.jpg 1024w, https:\/\/metrologiapolska.usz.edu.pl\/wp-content\/uploads\/2022\/11\/startup-g1fb41e2de_1920-768x512.jpg 768w, https:\/\/metrologiapolska.usz.edu.pl\/wp-content\/uploads\/2022\/11\/startup-g1fb41e2de_1920-1536x1024.jpg 1536w\" sizes=\"auto, (max-width: 1920px) 100vw, 1920px\" \/>\n<h3>Cel projektu<\/h3> <p>W projekcie dokonana zostanie pr\u00f3ba mo\u017cliwie wszechstronnej ilo\u015bciowej oceny wp\u0142ywu metrologii na gospodark\u0119 Polski.<\/p> <p>Celem projektu jest ocena wp\u0142ywu metrologii na polsk\u0105 gospodark\u0119, przy wykorzystaniu szerokiego spektrum metod i technik badawczych, opartych na do\u015bwiadczeniach mi\u0119dzynarodowych, zmierzaj\u0105cych do weryfikacji tam\u017ce wypracowanych narz\u0119dzi badawczych i por\u00f3wnaniu wynik\u00f3w dla przypadku krajowego.<\/p>\n<h3>Metody i \u017ar\u00f3d\u0142a<\/h3> <p>Projekt zak\u0142ada wykorzystanie metod analizy statystycznej, modelowania ekonometrycznego, analizy koszt\u00f3w i korzy\u015bci, badania reprezentacyjnego oraz analizy przypadk\u00f3w. Tak zakrojone spektrum narz\u0119dziowe korzysta\u0107 b\u0119dzie z mo\u017cliwie najbardziej obszernego zasobu danych, u\u017cytecznych z perspektywy realizacji cel\u00f3w projektu. Zasoby te obejmowa\u0107 b\u0119d\u0105 w szczeg\u00f3lno\u015bci wyniki bada\u0144 statystycznych s\u0142u\u017cb statystyki publicznej (bada\u0144 prowadzonych przez G\u0142\u00f3wny Urz\u0105d Statystyczny), wyniki zaprojektowanego w ramach realizacji projektu reprezentacyjnego badania podmiot\u00f3w gospodarczych w oparciu o wywiady kwestionariuszowe, oraz dane pozyskane z G\u0142\u00f3wnego Urz\u0119du Miar.<\/p>\n<img loading=\"lazy\" decoding=\"async\" width=\"1920\" height=\"1280\" src=\"https:\/\/metrologiapolska.usz.edu.pl\/wp-content\/uploads\/2022\/11\/laboratory-gdf7e4ee18_1920.jpg\" title=\"laboratory-gdf7e4ee18_1920\" alt=\"laboratory-gdf7e4ee18_1920\" srcset=\"https:\/\/metrologiapolska.usz.edu.pl\/wp-content\/uploads\/2022\/11\/laboratory-gdf7e4ee18_1920.jpg 1920w, https:\/\/metrologiapolska.usz.edu.pl\/wp-content\/uploads\/2022\/11\/laboratory-gdf7e4ee18_1920-300x200.jpg 300w, https:\/\/metrologiapolska.usz.edu.pl\/wp-content\/uploads\/2022\/11\/laboratory-gdf7e4ee18_1920-1024x683.jpg 1024w, https:\/\/metrologiapolska.usz.edu.pl\/wp-content\/uploads\/2022\/11\/laboratory-gdf7e4ee18_1920-768x512.jpg 768w, https:\/\/metrologiapolska.usz.edu.pl\/wp-content\/uploads\/2022\/11\/laboratory-gdf7e4ee18_1920-1536x1024.jpg 1536w\" sizes=\"auto, (max-width: 1920px) 100vw, 1920px\" \/>\n<img loading=\"lazy\" decoding=\"async\" width=\"1689\" height=\"1126\" src=\"https:\/\/metrologiapolska.usz.edu.pl\/wp-content\/uploads\/2022\/11\/PeopleImages.com-ID1267529.jpg\" srcset=\"https:\/\/metrologiapolska.usz.edu.pl\/wp-content\/uploads\/2022\/11\/PeopleImages.com-ID1267529.jpg 1689w, https:\/\/metrologiapolska.usz.edu.pl\/wp-content\/uploads\/2022\/11\/PeopleImages.com-ID1267529-300x200.jpg 300w, https:\/\/metrologiapolska.usz.edu.pl\/wp-content\/uploads\/2022\/11\/PeopleImages.com-ID1267529-1024x683.jpg 1024w, https:\/\/metrologiapolska.usz.edu.pl\/wp-content\/uploads\/2022\/11\/PeopleImages.com-ID1267529-768x512.jpg 768w, https:\/\/metrologiapolska.usz.edu.pl\/wp-content\/uploads\/2022\/11\/PeopleImages.com-ID1267529-1536x1024.jpg 1536w\" sizes=\"auto, (max-width: 1689px) 100vw, 1689px\" \/>\n<h3>Rezultaty projektu<\/h3> <p>Projekt odpowie na wa\u017cn\u0105 potrzeb\u0119 obiektywnego statystycznego wykazania wp\u0142ywu przyczynowego metrologii na gospodark\u0119 w Polsce. Sprostanie temu wyzwaniu ewaluacyjnemu b\u0119dzie wymaga\u0142o stosowania i rozwijania nowych, dla przypadku polskiej metrologii, metod badawczych.<\/p> <p>Wyniki projektu badawczego i uzyskany materia\u0142 empiryczny, pos\u0142u\u017cy zwi\u0119kszeniu \u015bwiadomo\u015bci roli metrologii na poziomie politycznym, oraz przyczyni si\u0119 do poprawy \u015bwiadomo\u015bci spo\u0142ecznej w tym zakresie.<\/p>\n<h3>Aktualno\u015bci<br\/><\/h3>\n<p style=\"margin-bottom: 12.0pt;\">W danych 17-19 pa\u017adziernika 2022 r. cz\u0142onkowie zespo\u0142u projektowego wzi\u0119li aktywny udzia\u0142 w Mi\u0119dzynarodowej Konferencji Metrologicznej \u201eNew trends in metrology\u201d organizowana w ramach realizacji zadania zleconego Politechnice Lubelskiej przez Ministra Edukacji i Nauki pn. \u201cUtworzenie i koordynowanie dzia\u0142alno\u015bci Polskiej Unii Metrologicznej&#8221;. Tematyka konferencji obejmowa\u0142a swym zakresem szerokie spektrum najwa\u017cniejszych problem\u00f3w wsp\u00f3\u0142czesnej metrologii, najnowszych trend\u00f3w rozwojowych metrologii prawnej i stosowanej, w szczeg\u00f3lno\u015bci metrologi\u0119 elektryczn\u0105, medyczn\u0105, chemiczn\u0105, fizyczn\u0105, przemys\u0142ow\u0105, fotometri\u0119, radiometri\u0119.<\/p>\n<p style=\"margin-bottom: 12.0pt;\">Przedstawiciele zespo\u0142u projektowego wzi\u0119li udzia\u0142 w spotkaniu organizowanym przez inny zesp\u00f3\u0142 realizuj\u0105cy projekt w ramach Programu Polska Metrologia, pod nazw\u0105 \u201eIdentyfikacja d\u0142ugofalowych potrzeb i kierunk\u00f3w dzia\u0142a\u0144 strategicznych w zakresie polskiej metrologii oraz jej rozwoju\u201d. Spotkanie odby\u0142o si\u0119 17.01.2023 r., w formie zdalnej na platformie elektronicznej. Spotkanie dotyczy\u0142o mi\u0119dzy innymi okre\u015bleniu sposob\u00f3w komunikacji i potencjalnego obszaru wsp\u00f3\u0142pracy pomi\u0119dzy oboma zespo\u0142ami. Obie strony potwierdzi\u0142y ch\u0119\u0107 wsp\u00f3\u0142pracy, wymieni\u0142y si\u0119 aktualnymi informacjami z realizacji projekt\u00f3w, om\u00f3wili zamierzenia badawcze.<\/p>\n<p>Cz\u0142onkowie zespo\u0142u projektowego regularnie spotykaj\u0105 si\u0119 omawiaj\u0105c wyniki prowadzonych bada\u0144, dziel\u0105c si\u0119 efektami z przyporz\u0105dkowanych zada\u0144 i omawiaj\u0105c dalsze prace niezb\u0119dne w realizacji przyj\u0119tego harmonogramu.<\/p>\n<h3>Aktywno\u015bci konferencyjne<br\/><\/h3>\n<img loading=\"lazy\" decoding=\"async\" width=\"469\" height=\"626\" src=\"https:\/\/metrologiapolska.usz.edu.pl\/wp-content\/uploads\/2024\/02\/aktywnosci1.jpg\" title=\"aktywnosci1\" alt=\"aktywnosci1\" srcset=\"https:\/\/metrologiapolska.usz.edu.pl\/wp-content\/uploads\/2024\/02\/aktywnosci1.jpg 469w, https:\/\/metrologiapolska.usz.edu.pl\/wp-content\/uploads\/2024\/02\/aktywnosci1-225x300.jpg 225w\" sizes=\"auto, (max-width: 469px) 100vw, 469px\" \/>\n<p>W ramach 9 edycji Forum Prawa Medi\u00f3w Elektronicznych zorganizowanym w\u00a0dniu 28 marca 2023 r. dr hab. Ma\u0142gorzata Tarczy\u0144ska-\u0141uniewska, prof. US w wyst\u0105pieniu \u201eMetrologia prawna a problem digitalizacji\u201d zaznaczy\u0142a rol\u0119 regulacji prawnych w procesie metrologicznym.<\/p>\n<img loading=\"lazy\" decoding=\"async\" width=\"479\" height=\"638\" src=\"https:\/\/metrologiapolska.usz.edu.pl\/wp-content\/uploads\/2024\/02\/aktywnosci2.jpg\" title=\"aktywnosci2\" alt=\"aktywnosci2\" srcset=\"https:\/\/metrologiapolska.usz.edu.pl\/wp-content\/uploads\/2024\/02\/aktywnosci2.jpg 479w, https:\/\/metrologiapolska.usz.edu.pl\/wp-content\/uploads\/2024\/02\/aktywnosci2-225x300.jpg 225w\" sizes=\"auto, (max-width: 479px) 100vw, 479px\" \/>\n<p>W dniach 3-5 lipca 2023 r. w Warszawie mia\u0142a miejsce Konferencja Naukowa \u201eMetodologia Badan\u0301 Statystycznych\u201d \u2013 MET2023. \u00a0W ramach tej konferencji dr hab. Mariusz Doszy\u0144, prof. US wraz z zespo\u0142em w wyst\u0105pieniu zatytu\u0142owanym \u201eOcena wp\u0142ywu metrologii na gospodark\u0119 w Polsce za pomoc\u0105 modelu Solowa\u201d, zaprezentowa\u0142 wst\u0119pne(cz\u0119\u015bciowe)wyniki prowadzonych bada\u0144.<\/p>\n<img loading=\"lazy\" decoding=\"async\" width=\"373\" height=\"270\" src=\"https:\/\/metrologiapolska.usz.edu.pl\/wp-content\/uploads\/2024\/02\/aktywnosci3.jpg\" title=\"aktywnosci3\" alt=\"aktywnosci3\" srcset=\"https:\/\/metrologiapolska.usz.edu.pl\/wp-content\/uploads\/2024\/02\/aktywnosci3.jpg 373w, https:\/\/metrologiapolska.usz.edu.pl\/wp-content\/uploads\/2024\/02\/aktywnosci3-300x217.jpg 300w\" sizes=\"auto, (max-width: 373px) 100vw, 373px\" \/>\n<img loading=\"lazy\" decoding=\"async\" width=\"547\" height=\"729\" src=\"https:\/\/metrologiapolska.usz.edu.pl\/wp-content\/uploads\/2024\/02\/aktywnosci5.jpg\" title=\"aktywnosci5\" alt=\"aktywnosci5\" srcset=\"https:\/\/metrologiapolska.usz.edu.pl\/wp-content\/uploads\/2024\/02\/aktywnosci5.jpg 547w, https:\/\/metrologiapolska.usz.edu.pl\/wp-content\/uploads\/2024\/02\/aktywnosci5-225x300.jpg 225w\" sizes=\"auto, (max-width: 547px) 100vw, 547px\" \/>\n<p>W ramach IX Kongresu Metrologii odbywaj\u0105cego si\u0119 w dniach 10-14 wrze\u015bnia 2023 r. cz\u0142onkowie zespo\u0142u projektowego dr hab. Pawe\u0142 Majda, prof. ZUT i dr Barbara Bat\u00f3g w wyst\u0105pieniu \u201eAnaliza uwarunkowa\u0144 i wp\u0142ywu metrologii na gospodark\u0119 &#8211; uj\u0119cie ekonometryczne\u201d przedstawili ilo\u015bciowe podej\u015bcie oceny wp\u0142ywu metrologii na gospodark\u0119.<\/p>\n<img loading=\"lazy\" decoding=\"async\" width=\"548\" height=\"730\" src=\"https:\/\/metrologiapolska.usz.edu.pl\/wp-content\/uploads\/2024\/02\/aktywnosci4.jpg\" title=\"aktywnosci4\" alt=\"aktywnosci4\" srcset=\"https:\/\/metrologiapolska.usz.edu.pl\/wp-content\/uploads\/2024\/02\/aktywnosci4.jpg 548w, https:\/\/metrologiapolska.usz.edu.pl\/wp-content\/uploads\/2024\/02\/aktywnosci4-225x300.jpg 225w\" sizes=\"auto, (max-width: 548px) 100vw, 548px\" \/>\n<p>18 pa\u017adziernika na 19th International Conference on Applied Business and Economics (ICABE) 2023 w Grecji cz\u0142onkowie zespo\u0142u projektowego dr hab. Ma\u0142gorzata Tarczy\u0144ska, prof. US i dr Monika Rozkrut w wyst\u0105pieniu \u201eEconometric modeling of the metrology impact on the economy in Poland\u201d zaprezentowa\u0142y wykorzystanie modelowania ekonometrycznego do oceny wp\u0142ywu metrologii na gospodark\u0119 w Polsce.<\/p><!--\/themify_builder_static-->","protected":false},"excerpt":{"rendered":"<p>Ocena wp\u0142ywu metrologii na gospodark\u0119 w Polsce \u00a0 Kierownik projektu: dr hab. M. Tarczy\u0144ska-\u0141uniewska, prof. US,Instytut Ekonomii i Finans\u00f3w, Katedra Ekonometrii i Statystyki, malgorzata.tarczynska-luniewska@usz.edu.pl \u00a0 Wykonawcy: Uniwersytet Szczeci\u0144ski: dr hab. M. Doszy\u0144, prof. US dr M. Rozkrut dr B. Bat\u00f3g Zachodniopomorski Uniwersytet Technologiczny prof. dr hab. in\u017c. M. Pajor dr hab. in\u017c. P. Majda, prof. [&hellip;]<\/p>\n","protected":false},"author":1,"featured_media":0,"parent":0,"menu_order":0,"comment_status":"closed","ping_status":"closed","template":"","meta":{"footnotes":""},"class_list":["post-30","page","type-page","status-publish","hentry","has-post-title","has-post-date","has-post-category","has-post-tag","has-post-comment","has-post-author",""],"builder_content":"<h2>Ocena wp\u0142ywu metrologii na gospodark\u0119 w Polsce<\/h2> <p>\u00a0<\/p>\n<h3 style=\"text-align: left;\">Kierownik projektu:<\/h3> <p style=\"text-align: left;\">dr hab. M. Tarczy\u0144ska-\u0141uniewska, prof. US,<br>Instytut Ekonomii i Finans\u00f3w, Katedra Ekonometrii i Statystyki, <br><a href=\"mailto:malgorzata.tarczynska-luniewska@usz.edu.pl\">malgorzata.tarczynska-luniewska@usz.edu.pl<\/a><\/p> <p style=\"text-align: left;\">\u00a0<\/p>\n<h3><strong>Wykonawcy:<\/strong><\/h3> <p><strong>Uniwersytet Szczeci\u0144ski:<\/strong><\/p> <ul> <li>dr hab. M. Doszy\u0144, prof. US<\/li> <li>dr M. Rozkrut<\/li> <li>dr B. Bat\u00f3g<\/li> <\/ul> <p><strong>Zachodniopomorski Uniwersytet Technologiczny<\/strong><\/p> <ul> <li>prof. dr hab. in\u017c. M. Pajor<\/li> <li>dr hab. in\u017c. P. Majda, prof. ZUT<\/li> <\/ul> <p><strong>Zesp\u00f3\u0142 z GUS<\/strong><\/p> <p><a href=\"https:\/\/www.gov.pl\/web\/edukacja-i-nauka\/wyniki-konkursu-polska-metrologia\">https:\/\/www.gov.pl\/web\/edukacja-i-nauka\/wyniki-konkursu-polska-metrologia<\/a><\/p>\n<img loading=\"lazy\" decoding=\"async\" width=\"1920\" height=\"1280\" src=\"https:\/\/metrologiapolska.usz.edu.pl\/wp-content\/uploads\/2022\/11\/plans-g66fa0995a_1920.jpg\" title=\"plans-g66fa0995a_1920\" alt=\"plans-g66fa0995a_1920\" srcset=\"https:\/\/metrologiapolska.usz.edu.pl\/wp-content\/uploads\/2022\/11\/plans-g66fa0995a_1920.jpg 1920w, https:\/\/metrologiapolska.usz.edu.pl\/wp-content\/uploads\/2022\/11\/plans-g66fa0995a_1920-300x200.jpg 300w, https:\/\/metrologiapolska.usz.edu.pl\/wp-content\/uploads\/2022\/11\/plans-g66fa0995a_1920-1024x683.jpg 1024w, https:\/\/metrologiapolska.usz.edu.pl\/wp-content\/uploads\/2022\/11\/plans-g66fa0995a_1920-768x512.jpg 768w, https:\/\/metrologiapolska.usz.edu.pl\/wp-content\/uploads\/2022\/11\/plans-g66fa0995a_1920-1536x1024.jpg 1536w\" sizes=\"auto, (max-width: 1920px) 100vw, 1920px\" \/>\n<h3>Znaczenie oceny wp\u0142ywu metrologii<\/h3> <p>Korzy\u015bci gospodarcze metrologii s\u0105 efektem jej szerokiego spektrum mechanizm\u00f3w oddzia\u0142ywania i dotycz\u0105 takich obszar\u00f3w jak dyfuzja technologii, wzrost innowacyjno\u015bci, ograniczenie niedoskona\u0142o\u015bci rynku, redukcja koszt\u00f3w transakcyjnych, wzrost produktywno\u015bci, budowa przewagi konkurencyjnej, czy zwi\u0119kszenie efektywno\u015bci ekonomicznej. Nale\u017cy jednak podkre\u015bli\u0107, \u017ce znaczenie metrologii ma charakter wielowymiarowy, obejmuj\u0105c nie tylko bezpo\u015brednie korzy\u015bci ekonomiczne, w tym handlowe (handel mi\u0119dzynarodowy), ale tak\u017ce obszary wydawa\u0142oby si\u0119 nieco bardziej odleg\u0142e jak \u015brodowisko, zdrowie, obronno\u015b\u0107 czy bezpiecze\u0144stwo.<\/p>\n<h3>Dotychczasowe badania<\/h3> <p>Dotychczasowe badania realizowane w innych krajach wskazuj\u0105, \u017ce najbardziej produktywne sektory to te najintensywniej korzystaj\u0105ce z metrologii. Badania dowodz\u0105, \u017ce metrologia pe\u0142ni rol\u0119 swoistego katalizatora innowacji, buduje platform\u0119 innowacji, poprzez skr\u00f3cenie czasu wprowadzania na rynek nowych produkt\u00f3w, czy promowanie rozpowszechniania innowacji, staj\u0105c si\u0119 istotnym elementem narodowego systemu innowacji.<\/p>\n<img loading=\"lazy\" decoding=\"async\" width=\"1280\" height=\"847\" src=\"https:\/\/metrologiapolska.usz.edu.pl\/wp-content\/uploads\/2022\/11\/lab-g73712dcc4_1280.jpg\" title=\"lab-g73712dcc4_1280\" alt=\"lab-g73712dcc4_1280\" srcset=\"https:\/\/metrologiapolska.usz.edu.pl\/wp-content\/uploads\/2022\/11\/lab-g73712dcc4_1280.jpg 1280w, https:\/\/metrologiapolska.usz.edu.pl\/wp-content\/uploads\/2022\/11\/lab-g73712dcc4_1280-300x199.jpg 300w, https:\/\/metrologiapolska.usz.edu.pl\/wp-content\/uploads\/2022\/11\/lab-g73712dcc4_1280-1024x678.jpg 1024w, https:\/\/metrologiapolska.usz.edu.pl\/wp-content\/uploads\/2022\/11\/lab-g73712dcc4_1280-768x508.jpg 768w\" sizes=\"auto, (max-width: 1280px) 100vw, 1280px\" \/>\n<img loading=\"lazy\" decoding=\"async\" width=\"1920\" height=\"1280\" src=\"https:\/\/metrologiapolska.usz.edu.pl\/wp-content\/uploads\/2022\/11\/startup-g1fb41e2de_1920.jpg\" title=\"startup-g1fb41e2de_1920\" alt=\"startup-g1fb41e2de_1920\" srcset=\"https:\/\/metrologiapolska.usz.edu.pl\/wp-content\/uploads\/2022\/11\/startup-g1fb41e2de_1920.jpg 1920w, https:\/\/metrologiapolska.usz.edu.pl\/wp-content\/uploads\/2022\/11\/startup-g1fb41e2de_1920-300x200.jpg 300w, https:\/\/metrologiapolska.usz.edu.pl\/wp-content\/uploads\/2022\/11\/startup-g1fb41e2de_1920-1024x683.jpg 1024w, https:\/\/metrologiapolska.usz.edu.pl\/wp-content\/uploads\/2022\/11\/startup-g1fb41e2de_1920-768x512.jpg 768w, https:\/\/metrologiapolska.usz.edu.pl\/wp-content\/uploads\/2022\/11\/startup-g1fb41e2de_1920-1536x1024.jpg 1536w\" sizes=\"auto, (max-width: 1920px) 100vw, 1920px\" \/>\n<h3>Cel projektu<\/h3> <p>W projekcie dokonana zostanie pr\u00f3ba mo\u017cliwie wszechstronnej ilo\u015bciowej oceny wp\u0142ywu metrologii na gospodark\u0119 Polski.<\/p> <p>Celem projektu jest ocena wp\u0142ywu metrologii na polsk\u0105 gospodark\u0119, przy wykorzystaniu szerokiego spektrum metod i technik badawczych, opartych na do\u015bwiadczeniach mi\u0119dzynarodowych, zmierzaj\u0105cych do weryfikacji tam\u017ce wypracowanych narz\u0119dzi badawczych i por\u00f3wnaniu wynik\u00f3w dla przypadku krajowego.<\/p>\n<h3>Metody i \u017ar\u00f3d\u0142a<\/h3> <p>Projekt zak\u0142ada wykorzystanie metod analizy statystycznej, modelowania ekonometrycznego, analizy koszt\u00f3w i korzy\u015bci, badania reprezentacyjnego oraz analizy przypadk\u00f3w. Tak zakrojone spektrum narz\u0119dziowe korzysta\u0107 b\u0119dzie z mo\u017cliwie najbardziej obszernego zasobu danych, u\u017cytecznych z perspektywy realizacji cel\u00f3w projektu. Zasoby te obejmowa\u0107 b\u0119d\u0105 w szczeg\u00f3lno\u015bci wyniki bada\u0144 statystycznych s\u0142u\u017cb statystyki publicznej (bada\u0144 prowadzonych przez G\u0142\u00f3wny Urz\u0105d Statystyczny), wyniki zaprojektowanego w ramach realizacji projektu reprezentacyjnego badania podmiot\u00f3w gospodarczych w oparciu o wywiady kwestionariuszowe, oraz dane pozyskane z G\u0142\u00f3wnego Urz\u0119du Miar.<\/p>\n<img loading=\"lazy\" decoding=\"async\" width=\"1920\" height=\"1280\" src=\"https:\/\/metrologiapolska.usz.edu.pl\/wp-content\/uploads\/2022\/11\/laboratory-gdf7e4ee18_1920.jpg\" title=\"laboratory-gdf7e4ee18_1920\" alt=\"laboratory-gdf7e4ee18_1920\" srcset=\"https:\/\/metrologiapolska.usz.edu.pl\/wp-content\/uploads\/2022\/11\/laboratory-gdf7e4ee18_1920.jpg 1920w, https:\/\/metrologiapolska.usz.edu.pl\/wp-content\/uploads\/2022\/11\/laboratory-gdf7e4ee18_1920-300x200.jpg 300w, https:\/\/metrologiapolska.usz.edu.pl\/wp-content\/uploads\/2022\/11\/laboratory-gdf7e4ee18_1920-1024x683.jpg 1024w, https:\/\/metrologiapolska.usz.edu.pl\/wp-content\/uploads\/2022\/11\/laboratory-gdf7e4ee18_1920-768x512.jpg 768w, https:\/\/metrologiapolska.usz.edu.pl\/wp-content\/uploads\/2022\/11\/laboratory-gdf7e4ee18_1920-1536x1024.jpg 1536w\" sizes=\"auto, (max-width: 1920px) 100vw, 1920px\" \/>\n<img loading=\"lazy\" decoding=\"async\" width=\"1689\" height=\"1126\" src=\"https:\/\/metrologiapolska.usz.edu.pl\/wp-content\/uploads\/2022\/11\/PeopleImages.com-ID1267529.jpg\" title=\"START\" alt=\"START\" srcset=\"https:\/\/metrologiapolska.usz.edu.pl\/wp-content\/uploads\/2022\/11\/PeopleImages.com-ID1267529.jpg 1689w, https:\/\/metrologiapolska.usz.edu.pl\/wp-content\/uploads\/2022\/11\/PeopleImages.com-ID1267529-300x200.jpg 300w, https:\/\/metrologiapolska.usz.edu.pl\/wp-content\/uploads\/2022\/11\/PeopleImages.com-ID1267529-1024x683.jpg 1024w, https:\/\/metrologiapolska.usz.edu.pl\/wp-content\/uploads\/2022\/11\/PeopleImages.com-ID1267529-768x512.jpg 768w, https:\/\/metrologiapolska.usz.edu.pl\/wp-content\/uploads\/2022\/11\/PeopleImages.com-ID1267529-1536x1024.jpg 1536w\" sizes=\"auto, (max-width: 1689px) 100vw, 1689px\" \/>\n<h3>Rezultaty projektu<\/h3> <p>Projekt odpowie na wa\u017cn\u0105 potrzeb\u0119 obiektywnego statystycznego wykazania wp\u0142ywu przyczynowego metrologii na gospodark\u0119 w Polsce. Sprostanie temu wyzwaniu ewaluacyjnemu b\u0119dzie wymaga\u0142o stosowania i rozwijania nowych, dla przypadku polskiej metrologii, metod badawczych.<\/p> <p>Wyniki projektu badawczego i uzyskany materia\u0142 empiryczny, pos\u0142u\u017cy zwi\u0119kszeniu \u015bwiadomo\u015bci roli metrologii na poziomie politycznym, oraz przyczyni si\u0119 do poprawy \u015bwiadomo\u015bci spo\u0142ecznej w tym zakresie.<\/p>\n<h3>Aktualno\u015bci<br\/><\/h3>\n<p style=\"margin-bottom: 12.0pt;\">W danych 17-19 pa\u017adziernika 2022 r. cz\u0142onkowie zespo\u0142u projektowego wzi\u0119li aktywny udzia\u0142 w Mi\u0119dzynarodowej Konferencji Metrologicznej \u201eNew trends in metrology\u201d organizowana w ramach realizacji zadania zleconego Politechnice Lubelskiej przez Ministra Edukacji i Nauki pn. \u201cUtworzenie i koordynowanie dzia\u0142alno\u015bci Polskiej Unii Metrologicznej\". Tematyka konferencji obejmowa\u0142a swym zakresem szerokie spektrum najwa\u017cniejszych problem\u00f3w wsp\u00f3\u0142czesnej metrologii, najnowszych trend\u00f3w rozwojowych metrologii prawnej i stosowanej, w szczeg\u00f3lno\u015bci metrologi\u0119 elektryczn\u0105, medyczn\u0105, chemiczn\u0105, fizyczn\u0105, przemys\u0142ow\u0105, fotometri\u0119, radiometri\u0119.<\/p>\n<p style=\"margin-bottom: 12.0pt;\">Przedstawiciele zespo\u0142u projektowego wzi\u0119li udzia\u0142 w spotkaniu organizowanym przez inny zesp\u00f3\u0142 realizuj\u0105cy projekt w ramach Programu Polska Metrologia, pod nazw\u0105 \u201eIdentyfikacja d\u0142ugofalowych potrzeb i kierunk\u00f3w dzia\u0142a\u0144 strategicznych w zakresie polskiej metrologii oraz jej rozwoju\u201d. Spotkanie odby\u0142o si\u0119 17.01.2023 r., w formie zdalnej na platformie elektronicznej. Spotkanie dotyczy\u0142o mi\u0119dzy innymi okre\u015bleniu sposob\u00f3w komunikacji i potencjalnego obszaru wsp\u00f3\u0142pracy pomi\u0119dzy oboma zespo\u0142ami. Obie strony potwierdzi\u0142y ch\u0119\u0107 wsp\u00f3\u0142pracy, wymieni\u0142y si\u0119 aktualnymi informacjami z realizacji projekt\u00f3w, om\u00f3wili zamierzenia badawcze.<\/p>\n<p>Cz\u0142onkowie zespo\u0142u projektowego regularnie spotykaj\u0105 si\u0119 omawiaj\u0105c wyniki prowadzonych bada\u0144, dziel\u0105c si\u0119 efektami z przyporz\u0105dkowanych zada\u0144 i omawiaj\u0105c dalsze prace niezb\u0119dne w realizacji przyj\u0119tego harmonogramu.<\/p>\n<h3>Aktywno\u015bci konferencyjne<br\/><\/h3>\n<img loading=\"lazy\" decoding=\"async\" width=\"469\" height=\"626\" src=\"https:\/\/metrologiapolska.usz.edu.pl\/wp-content\/uploads\/2024\/02\/aktywnosci1.jpg\" title=\"aktywnosci1\" alt=\"aktywnosci1\" srcset=\"https:\/\/metrologiapolska.usz.edu.pl\/wp-content\/uploads\/2024\/02\/aktywnosci1.jpg 469w, https:\/\/metrologiapolska.usz.edu.pl\/wp-content\/uploads\/2024\/02\/aktywnosci1-225x300.jpg 225w\" sizes=\"auto, (max-width: 469px) 100vw, 469px\" \/>\n<p>W ramach 9 edycji Forum Prawa Medi\u00f3w Elektronicznych zorganizowanym w\u00a0dniu 28 marca 2023 r. dr hab. Ma\u0142gorzata Tarczy\u0144ska-\u0141uniewska, prof. US w wyst\u0105pieniu \u201eMetrologia prawna a problem digitalizacji\u201d zaznaczy\u0142a rol\u0119 regulacji prawnych w procesie metrologicznym.<\/p>\n<img loading=\"lazy\" decoding=\"async\" width=\"479\" height=\"638\" src=\"https:\/\/metrologiapolska.usz.edu.pl\/wp-content\/uploads\/2024\/02\/aktywnosci2.jpg\" title=\"aktywnosci2\" alt=\"aktywnosci2\" srcset=\"https:\/\/metrologiapolska.usz.edu.pl\/wp-content\/uploads\/2024\/02\/aktywnosci2.jpg 479w, https:\/\/metrologiapolska.usz.edu.pl\/wp-content\/uploads\/2024\/02\/aktywnosci2-225x300.jpg 225w\" sizes=\"auto, (max-width: 479px) 100vw, 479px\" \/>\n<p>W dniach 3-5 lipca 2023 r. w Warszawie mia\u0142a miejsce Konferencja Naukowa \u201eMetodologia Badan\u0301 Statystycznych\u201d \u2013 MET2023. \u00a0W ramach tej konferencji dr hab. Mariusz Doszy\u0144, prof. US wraz z zespo\u0142em w wyst\u0105pieniu zatytu\u0142owanym \u201eOcena wp\u0142ywu metrologii na gospodark\u0119 w Polsce za pomoc\u0105 modelu Solowa\u201d, zaprezentowa\u0142 wst\u0119pne(cz\u0119\u015bciowe)wyniki prowadzonych bada\u0144.<\/p>\n<img loading=\"lazy\" decoding=\"async\" width=\"373\" height=\"270\" src=\"https:\/\/metrologiapolska.usz.edu.pl\/wp-content\/uploads\/2024\/02\/aktywnosci3.jpg\" title=\"aktywnosci3\" alt=\"aktywnosci3\" srcset=\"https:\/\/metrologiapolska.usz.edu.pl\/wp-content\/uploads\/2024\/02\/aktywnosci3.jpg 373w, https:\/\/metrologiapolska.usz.edu.pl\/wp-content\/uploads\/2024\/02\/aktywnosci3-300x217.jpg 300w\" sizes=\"auto, (max-width: 373px) 100vw, 373px\" \/>\n<img loading=\"lazy\" decoding=\"async\" width=\"547\" height=\"729\" src=\"https:\/\/metrologiapolska.usz.edu.pl\/wp-content\/uploads\/2024\/02\/aktywnosci5.jpg\" title=\"aktywnosci5\" alt=\"aktywnosci5\" srcset=\"https:\/\/metrologiapolska.usz.edu.pl\/wp-content\/uploads\/2024\/02\/aktywnosci5.jpg 547w, https:\/\/metrologiapolska.usz.edu.pl\/wp-content\/uploads\/2024\/02\/aktywnosci5-225x300.jpg 225w\" sizes=\"auto, (max-width: 547px) 100vw, 547px\" \/>\n<p>W ramach IX Kongresu Metrologii odbywaj\u0105cego si\u0119 w dniach 10-14 wrze\u015bnia 2023 r. cz\u0142onkowie zespo\u0142u projektowego dr hab. Pawe\u0142 Majda, prof. ZUT i dr Barbara Bat\u00f3g w wyst\u0105pieniu \u201eAnaliza uwarunkowa\u0144 i wp\u0142ywu metrologii na gospodark\u0119 - uj\u0119cie ekonometryczne\u201d przedstawili ilo\u015bciowe podej\u015bcie oceny wp\u0142ywu metrologii na gospodark\u0119.<\/p>\n<img loading=\"lazy\" decoding=\"async\" width=\"548\" height=\"730\" src=\"https:\/\/metrologiapolska.usz.edu.pl\/wp-content\/uploads\/2024\/02\/aktywnosci4.jpg\" title=\"aktywnosci4\" alt=\"aktywnosci4\" srcset=\"https:\/\/metrologiapolska.usz.edu.pl\/wp-content\/uploads\/2024\/02\/aktywnosci4.jpg 548w, https:\/\/metrologiapolska.usz.edu.pl\/wp-content\/uploads\/2024\/02\/aktywnosci4-225x300.jpg 225w\" sizes=\"auto, (max-width: 548px) 100vw, 548px\" \/>\n<p>18 pa\u017adziernika na 19th International Conference on Applied Business and Economics (ICABE) 2023 w Grecji cz\u0142onkowie zespo\u0142u projektowego dr hab. Ma\u0142gorzata Tarczy\u0144ska, prof. US i dr Monika Rozkrut w wyst\u0105pieniu \u201eEconometric modeling of the metrology impact on the economy in Poland\u201d zaprezentowa\u0142y wykorzystanie modelowania ekonometrycznego do oceny wp\u0142ywu metrologii na gospodark\u0119 w Polsce.<\/p>","_links":{"self":[{"href":"https:\/\/metrologiapolska.usz.edu.pl\/index.php?rest_route=\/wp\/v2\/pages\/30","targetHints":{"allow":["GET"]}}],"collection":[{"href":"https:\/\/metrologiapolska.usz.edu.pl\/index.php?rest_route=\/wp\/v2\/pages"}],"about":[{"href":"https:\/\/metrologiapolska.usz.edu.pl\/index.php?rest_route=\/wp\/v2\/types\/page"}],"author":[{"embeddable":true,"href":"https:\/\/metrologiapolska.usz.edu.pl\/index.php?rest_route=\/wp\/v2\/users\/1"}],"replies":[{"embeddable":true,"href":"https:\/\/metrologiapolska.usz.edu.pl\/index.php?rest_route=%2Fwp%2Fv2%2Fcomments&post=30"}],"version-history":[{"count":21,"href":"https:\/\/metrologiapolska.usz.edu.pl\/index.php?rest_route=\/wp\/v2\/pages\/30\/revisions"}],"predecessor-version":[{"id":124,"href":"https:\/\/metrologiapolska.usz.edu.pl\/index.php?rest_route=\/wp\/v2\/pages\/30\/revisions\/124"}],"wp:attachment":[{"href":"https:\/\/metrologiapolska.usz.edu.pl\/index.php?rest_route=%2Fwp%2Fv2%2Fmedia&parent=30"}],"curies":[{"name":"wp","href":"https:\/\/api.w.org\/{rel}","templated":true}]}}